{"id":32,"date":"2021-01-20T12:09:29","date_gmt":"2021-01-20T11:09:29","guid":{"rendered":"https:\/\/lasottevillaise.com\/?page_id=32"},"modified":"2023-10-17T11:59:56","modified_gmt":"2023-10-17T09:59:56","slug":"baby-gym","status":"publish","type":"page","link":"https:\/\/lasottevillaise.com\/index.php\/baby-gym\/","title":{"rendered":"Baby-Gym"},"content":{"rendered":"\n<div style=\"height:30px\" aria-hidden=\"true\" class=\"wp-block-spacer\"><\/div>\n\n\n\n<p class=\"has-black-color has-text-color has-medium-font-size\"><span class=\"tadv-color\" style=\"color:#ff0004\"><strong><mark style=\"background-color:rgba(0, 0, 0, 0)\" class=\"has-inline-color has-black-color\">Grimper, sauter, rouler\u2026<\/mark><\/strong><\/span> voil\u00e0 un vocabulaire pour s\u2019amuser ! La Baby-Gym permet aux petits un \u00e9veil des sens en toute s\u00e9curit\u00e9 sur du mat\u00e9riel ludique et adapt\u00e9. Les cours sont cr\u00e9atifs sur des <strong><span class=\"tadv-color\" style=\"color:#ff0004\"><mark style=\"background-color:rgba(0, 0, 0, 0)\" class=\"has-inline-color has-black-color\">parcours adapt\u00e9s<\/mark><\/span><\/strong>.<\/p>\n\n\n\n<p class=\"has-black-color has-text-color has-medium-font-size\">Le club est labellis\u00e9 &#8220;<strong>Baby-Gym<\/strong>&#8221; par la F\u00e9d\u00e9ration Fran\u00e7aise de Gymnastique<\/p>\n\n\n\n<p class=\"has-black-color has-text-color has-medium-font-size\"><strong>\u00c0 partir de 15 mois<\/strong>, votre enfant \u00e9voluera avec vous sur plusieurs parcours. <strong>\u00c0 partir de 3 ans<\/strong>, il sera en autonomie et apprendra dans la bonne humeur \u00e0 prendre confiance en lui gr\u00e2ce \u00e0 la mise en place de diff\u00e9rentes situations p\u00e9dagogiques. <\/p>\n\n\n\n<div style=\"height:30px\" aria-hidden=\"true\" class=\"wp-block-spacer\"><\/div>\n\n\n\n<div class=\"wp-block-buttons is-horizontal is-content-justification-center is-layout-flex wp-container-core-buttons-is-layout-1 wp-block-buttons-is-layout-flex\">\n<div class=\"wp-block-button is-style-outline\"><a class=\"wp-block-button__link has-text-color wp-element-button\" href=\"https:\/\/lasottevillaise.com\/index.php\/baby-gym-2\/\" style=\"color:#070000\"><strong><span class=\"tadv-color\" style=\"color:#ff0004\">Voir les horaires<\/span><\/strong><\/a><\/div>\n<\/div>\n\n\n\n<div style=\"height:30px\" aria-hidden=\"true\" class=\"wp-block-spacer\"><\/div>\n\n\n\n<p class=\"has-black-color has-text-color has-medium-font-size\">Venez d\u00e9couvrir notre salle<strong> d\u00e9di\u00e9e \u00e0 la petite enfance<\/strong>. Les <strong><span class=\"tadv-color\" style=\"color:#ff0004\">cours sont limit\u00e9s (15 \u00e0 20 pratiquants) pour 1 ou 2 encadrants<\/span><\/strong> afin de toujours vous<span class=\"tadv-color\" style=\"color:#ff0004\"> <\/span><strong><span class=\"tadv-color\" style=\"color:#000000\">assurer des interventions de<\/span><\/strong><span class=\"tadv-color\" style=\"color:#ff0004\"><strong> qualit\u00e9<\/strong><\/span> avec nos cadres dipl\u00f4m\u00e9s, <strong><mark style=\"background-color:rgba(0, 0, 0, 0);color:#ff0000\" class=\"has-inline-color\">Agnes<\/mark><\/strong> et <mark style=\"background-color:rgba(0, 0, 0, 0);color:#ff0000\" class=\"has-inline-color\"><strong>Fran\u00e7ois<\/strong><\/mark>.<\/p>\n\n\n\n<p class=\"has-medium-font-size\"><strong>Renseignements :<\/strong> 02.35.72.05.03 ou <a href=\"mailto:lasottevillaise@gmail.com\">lasottevillaise@gmail.com<\/a><\/p>\n\n\n\n<div style=\"height:30px\" aria-hidden=\"true\" class=\"wp-block-spacer\"><\/div>\n\n\n\n<figure class=\"wp-block-video\"><video controls src=\"https:\/\/lasottevillaise.com\/wp-content\/uploads\/2023\/10\/Teaser-Baby-Gym-site.mp4\"><\/video><\/figure>\n","protected":false},"excerpt":{"rendered":"<p>Grimper, sauter, rouler\u2026 voil\u00e0 un vocabulaire pour s\u2019amuser ! La Baby-Gym permet aux petits un \u00e9veil des sens en toute s\u00e9curit\u00e9 sur du mat\u00e9riel ludique et adapt\u00e9. Les cours sont cr\u00e9atifs sur des parcours adapt\u00e9s. Le club est labellis\u00e9 &#8220;Baby-Gym&#8221; par la F\u00e9d\u00e9ration Fran\u00e7aise de Gymnastique \u00c0 partir de 15 mois, votre enfant \u00e9voluera avec vous sur plusieurs parcours. \u00c0 partir de 3 ans, il sera en autonomie et apprendra dans la bonne humeur \u00e0 prendre confiance en lui gr\u00e2ce \u00e0 la mise en place de diff\u00e9rentes situations p\u00e9dagogiques. Venez d\u00e9couvrir notre salle d\u00e9di\u00e9e \u00e0 la petite enfance. Les cours sont limit\u00e9s (15 \u00e0 20 pratiquants) pour 1 ou 2 encadrants afin de toujours vous assurer des interventions de qualit\u00e9 avec nos cadres dipl\u00f4m\u00e9s, Agnes et Fran\u00e7ois. Renseignements : 02.35.72.05.03 ou lasottevillaise@gmail.com<\/p>\n","protected":false},"author":1,"featured_media":0,"parent":0,"menu_order":0,"comment_status":"closed","ping_status":"closed","template":"","meta":{"footnotes":""},"jetpack_sharing_enabled":true,"acf":[],"_links":{"self":[{"href":"https:\/\/lasottevillaise.com\/index.php\/wp-json\/wp\/v2\/pages\/32"}],"collection":[{"href":"https:\/\/lasottevillaise.com\/index.php\/wp-json\/wp\/v2\/pages"}],"about":[{"href":"https:\/\/lasottevillaise.com\/index.php\/wp-json\/wp\/v2\/types\/page"}],"author":[{"embeddable":true,"href":"https:\/\/lasottevillaise.com\/index.php\/wp-json\/wp\/v2\/users\/1"}],"replies":[{"embeddable":true,"href":"https:\/\/lasottevillaise.com\/index.php\/wp-json\/wp\/v2\/comments?post=32"}],"version-history":[{"count":32,"href":"https:\/\/lasottevillaise.com\/index.php\/wp-json\/wp\/v2\/pages\/32\/revisions"}],"predecessor-version":[{"id":3160,"href":"https:\/\/lasottevillaise.com\/index.php\/wp-json\/wp\/v2\/pages\/32\/revisions\/3160"}],"wp:attachment":[{"href":"https:\/\/lasottevillaise.com\/index.php\/wp-json\/wp\/v2\/media?parent=32"}],"curies":[{"name":"wp","href":"https:\/\/api.w.org\/{rel}","templated":true}]}}