{"id":3241,"date":"2023-10-19T11:21:34","date_gmt":"2023-10-19T09:21:34","guid":{"rendered":"https:\/\/lasottevillaise.com\/?page_id=3241"},"modified":"2024-02-06T16:28:47","modified_gmt":"2024-02-06T15:28:47","slug":"victor-bardou","status":"publish","type":"page","link":"https:\/\/lasottevillaise.com\/index.php\/victor-bardou\/","title":{"rendered":"Victor Bardou"},"content":{"rendered":"\t\t<div data-elementor-type=\"wp-page\" data-elementor-id=\"3241\" class=\"elementor elementor-3241\">\n\t\t\t\t\t\t<section class=\"elementor-section elementor-top-section elementor-element elementor-element-d119f58 elementor-section-boxed elementor-section-height-default elementor-section-height-default wpr-particle-no wpr-jarallax-no wpr-parallax-no wpr-sticky-section-no\" data-id=\"d119f58\" data-element_type=\"section\">\n\t\t\t\t\t\t<div class=\"elementor-container elementor-column-gap-default\">\n\t\t\t\t\t<div class=\"elementor-column elementor-col-100 elementor-top-column elementor-element elementor-element-b81671a\" data-id=\"b81671a\" data-element_type=\"column\">\n\t\t\t<div class=\"elementor-widget-wrap elementor-element-populated\">\n\t\t\t\t\t\t<div class=\"elementor-element elementor-element-12f0390 elementor-hidden-tablet elementor-hidden-mobile elementor-widget elementor-widget-spacer\" data-id=\"12f0390\" data-element_type=\"widget\" data-widget_type=\"spacer.default\">\n\t\t\t\t<div class=\"elementor-widget-container\">\n\t\t\t\t\t\t\t<div class=\"elementor-spacer\">\n\t\t\t<div class=\"elementor-spacer-inner\"><\/div>\n\t\t<\/div>\n\t\t\t\t\t\t<\/div>\n\t\t\t\t<\/div>\n\t\t\t\t\t<\/div>\n\t\t<\/div>\n\t\t\t\t\t<\/div>\n\t\t<\/section>\n\t\t\t\t<section class=\"elementor-section elementor-top-section elementor-element elementor-element-db89e96 elementor-section-boxed elementor-section-height-default elementor-section-height-default wpr-particle-no wpr-jarallax-no wpr-parallax-no wpr-sticky-section-no\" data-id=\"db89e96\" data-element_type=\"section\">\n\t\t\t\t\t\t<div class=\"elementor-container elementor-column-gap-default\">\n\t\t\t\t\t<div class=\"elementor-column elementor-col-50 elementor-top-column elementor-element elementor-element-ee07414\" data-id=\"ee07414\" data-element_type=\"column\">\n\t\t\t<div class=\"elementor-widget-wrap elementor-element-populated\">\n\t\t\t\t\t\t<div class=\"elementor-element elementor-element-6edb99d elementor-widget elementor-widget-image\" data-id=\"6edb99d\" data-element_type=\"widget\" data-widget_type=\"image.default\">\n\t\t\t\t<div class=\"elementor-widget-container\">\n\t\t\t\t\t\t\t\t\t\t\t\t\t\t\t<img fetchpriority=\"high\" decoding=\"async\" width=\"768\" height=\"768\" src=\"https:\/\/i0.wp.com\/lasottevillaise.com\/wp-content\/uploads\/2023\/10\/Snapchat-264539406.jpg?fit=768%2C768&amp;ssl=1\" class=\"attachment-medium_large size-medium_large wp-image-3382\" alt=\"\" srcset=\"https:\/\/i0.wp.com\/lasottevillaise.com\/wp-content\/uploads\/2023\/10\/Snapchat-264539406.jpg?w=1080&amp;ssl=1 1080w, https:\/\/i0.wp.com\/lasottevillaise.com\/wp-content\/uploads\/2023\/10\/Snapchat-264539406.jpg?resize=300%2C300&amp;ssl=1 300w, https:\/\/i0.wp.com\/lasottevillaise.com\/wp-content\/uploads\/2023\/10\/Snapchat-264539406.jpg?resize=1024%2C1024&amp;ssl=1 1024w, https:\/\/i0.wp.com\/lasottevillaise.com\/wp-content\/uploads\/2023\/10\/Snapchat-264539406.jpg?resize=150%2C150&amp;ssl=1 150w, https:\/\/i0.wp.com\/lasottevillaise.com\/wp-content\/uploads\/2023\/10\/Snapchat-264539406.jpg?resize=768%2C768&amp;ssl=1 768w, https:\/\/i0.wp.com\/lasottevillaise.com\/wp-content\/uploads\/2023\/10\/Snapchat-264539406.jpg?resize=75%2C75&amp;ssl=1 75w\" sizes=\"(max-width: 768px) 100vw, 768px\" \/>\t\t\t\t\t\t\t\t\t\t\t\t\t\t\t<\/div>\n\t\t\t\t<\/div>\n\t\t\t\t\t<\/div>\n\t\t<\/div>\n\t\t\t\t<div class=\"elementor-column elementor-col-50 elementor-top-column elementor-element elementor-element-ac79a72\" data-id=\"ac79a72\" data-element_type=\"column\" data-settings=\"{&quot;animation&quot;:&quot;none&quot;}\">\n\t\t\t<div class=\"elementor-widget-wrap elementor-element-populated\">\n\t\t\t\t\t\t<div class=\"elementor-element elementor-element-740166f elementor-widget elementor-widget-text-editor\" data-id=\"740166f\" data-element_type=\"widget\" data-widget_type=\"text-editor.default\">\n\t\t\t\t<div class=\"elementor-widget-container\">\n\t\t\t\t\t\t\t\t\t<p><strong><span style=\"font-family: georgia, palatino, serif; color: #000000; font-size: 18pt;\">Profil<\/span><\/strong><\/p><ul><li style=\"text-align: left;\"><span style=\"font-size: 12pt; font-family: georgia, palatino, serif;\"><span style=\"color: #000000; font-family: georgia, palatino, serif;\">Nationalit\u00e9 : fran\u00e7aise<\/span><\/span><\/li><li><span style=\"color: #000000; font-family: georgia, palatino, serif;\">Date de naissance : 20 f\u00e9vrier 2003<\/span><\/li><\/ul><div><span style=\"color: #000000; font-family: georgia, palatino, serif;\"><span style=\"font-size: 18pt;\"><strong>Palmar\u00e8s<\/strong><\/span><\/span><\/div><div><p><strong><span style=\"font-family: georgia, palatino, serif; font-size: 14pt; color: #000000;\">2022<\/span><\/strong><\/p><ul><li><p><span style=\"font-family: georgia, palatino, serif; font-size: 12pt; color: #000000;\">3\u00e8me aux anneaux et 15\u00e8me en g\u00e9n\u00e9ral France Elite \u00e0 \u00c9lancourt<\/span><\/p><\/li><\/ul><p><strong><span style=\"font-family: georgia, palatino, serif; font-size: 14pt; color: #000000;\">2021<\/span><\/strong><\/p><ul><li><span style=\"font-family: georgia, palatino, serif; font-size: 12pt; color: #000000;\">M\u00e9daill\u00e9 de bronze au saut <\/span><\/li><li><span style=\"font-family: georgia, palatino, serif; font-size: 12pt; color: #000000;\">5<\/span><span style=\"font-family: georgia, palatino, serif; color: #000000;\"><span style=\"font-size: 13.3333px;\">\u00e8me<\/span><span style=\"font-size: 12pt;\"> au championnat de France U18 \u00e0 Mouilleron le Captif<\/span><\/span><\/li><\/ul><p><strong><span style=\"font-family: georgia, palatino, serif; font-size: 14pt; color: #000000;\">2018<\/span><\/strong><\/p><ul><li><span style=\"font-size: 12pt; font-family: georgia, palatino, serif; color: #000000;\">M\u00e9daill\u00e9 d&#8217;or par \u00e9quipe U18 au match FRA\/GBR\/GER\/SUI<\/span><\/li><\/ul><\/div><div><p><strong><span style=\"font-family: georgia, palatino, serif; color: #000000; font-size: 14pt;\">2017<\/span><\/strong><\/p><ul><li><span style=\"font-family: georgia, palatino, serif; color: #000000;\">8\u00e8me en espoir<\/span><\/li><\/ul><\/div>\t\t\t\t\t\t\t\t<\/div>\n\t\t\t\t<\/div>\n\t\t\t\t\t<\/div>\n\t\t<\/div>\n\t\t\t\t\t<\/div>\n\t\t<\/section>\n\t\t\t\t<section class=\"elementor-section elementor-top-section elementor-element elementor-element-b9d57b1 elementor-section-boxed elementor-section-height-default elementor-section-height-default wpr-particle-no wpr-jarallax-no wpr-parallax-no wpr-sticky-section-no\" data-id=\"b9d57b1\" data-element_type=\"section\">\n\t\t\t\t\t\t<div class=\"elementor-container elementor-column-gap-default\">\n\t\t\t\t\t<div class=\"elementor-column elementor-col-100 elementor-top-column elementor-element elementor-element-21f6e28\" data-id=\"21f6e28\" data-element_type=\"column\">\n\t\t\t<div class=\"elementor-widget-wrap elementor-element-populated\">\n\t\t\t\t\t\t<div class=\"elementor-element elementor-element-8b90fa9 elementor-widget elementor-widget-spacer\" data-id=\"8b90fa9\" data-element_type=\"widget\" data-widget_type=\"spacer.default\">\n\t\t\t\t<div class=\"elementor-widget-container\">\n\t\t\t\t\t\t\t<div class=\"elementor-spacer\">\n\t\t\t<div class=\"elementor-spacer-inner\"><\/div>\n\t\t<\/div>\n\t\t\t\t\t\t<\/div>\n\t\t\t\t<\/div>\n\t\t\t\t\t<\/div>\n\t\t<\/div>\n\t\t\t\t\t<\/div>\n\t\t<\/section>\n\t\t\t\t<section class=\"elementor-section elementor-top-section elementor-element elementor-element-17380fc elementor-section-boxed elementor-section-height-default elementor-section-height-default wpr-particle-no wpr-jarallax-no wpr-parallax-no wpr-sticky-section-no\" data-id=\"17380fc\" data-element_type=\"section\">\n\t\t\t\t\t\t<div class=\"elementor-container elementor-column-gap-default\">\n\t\t\t\t\t<div class=\"elementor-column elementor-col-100 elementor-top-column elementor-element elementor-element-46568ae\" data-id=\"46568ae\" data-element_type=\"column\">\n\t\t\t<div class=\"elementor-widget-wrap elementor-element-populated\">\n\t\t\t\t\t\t<div class=\"elementor-element elementor-element-673b4e5 elementor-widget elementor-widget-text-editor\" data-id=\"673b4e5\" data-element_type=\"widget\" data-widget_type=\"text-editor.default\">\n\t\t\t\t<div class=\"elementor-widget-container\">\n\t\t\t\t\t\t\t\t\t<div class=\"x11i5rnm xat24cr x1mh8g0r x1vvkbs xtlvy1s x126k92a\"><div dir=\"auto\"><span style=\"font-size: 18pt; font-family: georgia, palatino, serif; color: #000000;\">Biographie<\/span><\/div><div dir=\"auto\">\u00a0<\/div><div dir=\"auto\"><span style=\"font-size: 12pt; color: #000000; font-family: georgia, palatino, serif;\">N\u00e9 le 20 f\u00e9vrier 2003, Victor Bardou a commenc\u00e9 son parcours gymnique \u00e0 La Sottevillaise en 2008, avec l&#8217;entra\u00eeneur Romain Lecoq. Il progresse d&#8217;ann\u00e9e en ann\u00e9e et obtient de nombreuses m\u00e9dailles nationales en \u00e9quipe et en individuel avec La Sottevillaise. Victor excelle particuli\u00e8rement dans trois agr\u00e8s tels que le saut, les anneaux et le sol. Sa premi\u00e8re s\u00e9lection tricolore est en 2018 o\u00f9 il d\u00e9croche une m\u00e9daille d\u2019or avec l&#8217;\u00e9quipe de France U18 contre la Suisse, la Grande Bretagne et l&#8217;Allemagne. Pouss\u00e9 par Danny Rodrigues d\u00e8s 2019, il gagne 2 m\u00e9dailles en championnat de France Elite : Bronze aux anneaux en 2022 et au saut en 2021. Il a \u00e9t\u00e9 un \u00e9l\u00e9ment fort pour l&#8217;obtention du 1er titre en top 12 de la Sottevillaise en 2022. Victor est d\u00e9j\u00e0 qualifi\u00e9 pour le prochain France \u00c9lite qui se d\u00e9roulera \u00e0 Lyon du 7 au 9 juin 2024. Il a int\u00e9gr\u00e9 le p\u00f4le France de l\u2019INSEP en septembre 2021 o\u00f9 il est aujourd\u2019hui entra\u00een\u00e9 par Fr\u00e9d\u00e9ric Jay. Anim\u00e9 par la motivation d\u2019int\u00e9grer l\u2019effectif de l\u2019\u00e9quipe de France, il a l&#8217;objectif de participer aux JO de 2028 \u00e0 Los Angeles. Sa passion et son engagement font de lui un gymnaste prometteur. Insolite : Sous le pseudonyme artistique BRD Beats, Victor, passionn\u00e9 par la composition musicale, a con\u00e7u la bande son qui accompagnera la performance au sol aux Jeux Olympiques de Paris de la multiple championne olympique et du monde, l&#8217;am\u00e9ricaine Simone Biles.<\/span><\/div><\/div>\t\t\t\t\t\t\t\t<\/div>\n\t\t\t\t<\/div>\n\t\t\t\t\t<\/div>\n\t\t<\/div>\n\t\t\t\t\t<\/div>\n\t\t<\/section>\n\t\t\t\t<section class=\"elementor-section elementor-top-section elementor-element elementor-element-cb405c0 elementor-section-boxed elementor-section-height-default elementor-section-height-default wpr-particle-no wpr-jarallax-no wpr-parallax-no wpr-sticky-section-no\" data-id=\"cb405c0\" data-element_type=\"section\">\n\t\t\t\t\t\t<div class=\"elementor-container elementor-column-gap-default\">\n\t\t\t\t\t<div class=\"elementor-column elementor-col-100 elementor-top-column elementor-element elementor-element-aa15c74\" data-id=\"aa15c74\" data-element_type=\"column\">\n\t\t\t<div class=\"elementor-widget-wrap elementor-element-populated\">\n\t\t\t\t\t\t<div class=\"elementor-element elementor-element-6ea66db elementor-widget elementor-widget-spacer\" data-id=\"6ea66db\" data-element_type=\"widget\" data-widget_type=\"spacer.default\">\n\t\t\t\t<div class=\"elementor-widget-container\">\n\t\t\t\t\t\t\t<div class=\"elementor-spacer\">\n\t\t\t<div class=\"elementor-spacer-inner\"><\/div>\n\t\t<\/div>\n\t\t\t\t\t\t<\/div>\n\t\t\t\t<\/div>\n\t\t\t\t\t<\/div>\n\t\t<\/div>\n\t\t\t\t\t<\/div>\n\t\t<\/section>\n\t\t\t\t<section class=\"elementor-section elementor-top-section elementor-element elementor-element-90ac6c6 elementor-section-boxed elementor-section-height-default elementor-section-height-default wpr-particle-no wpr-jarallax-no wpr-parallax-no wpr-sticky-section-no\" data-id=\"90ac6c6\" data-element_type=\"section\">\n\t\t\t\t\t\t<div class=\"elementor-container elementor-column-gap-default\">\n\t\t\t\t\t<div class=\"elementor-column elementor-col-100 elementor-top-column elementor-element elementor-element-8152350\" data-id=\"8152350\" data-element_type=\"column\">\n\t\t\t<div class=\"elementor-widget-wrap elementor-element-populated\">\n\t\t\t\t\t\t<div class=\"elementor-element elementor-element-6ba9a97 elementor-hidden-tablet elementor-hidden-mobile elementor-widget elementor-widget-spacer\" data-id=\"6ba9a97\" data-element_type=\"widget\" data-widget_type=\"spacer.default\">\n\t\t\t\t<div class=\"elementor-widget-container\">\n\t\t\t\t\t\t\t<div class=\"elementor-spacer\">\n\t\t\t<div class=\"elementor-spacer-inner\"><\/div>\n\t\t<\/div>\n\t\t\t\t\t\t<\/div>\n\t\t\t\t<\/div>\n\t\t\t\t\t<\/div>\n\t\t<\/div>\n\t\t\t\t\t<\/div>\n\t\t<\/section>\n\t\t\t\t<section class=\"elementor-section elementor-top-section elementor-element elementor-element-0214cfe elementor-section-boxed elementor-section-height-default elementor-section-height-default wpr-particle-no wpr-jarallax-no wpr-parallax-no wpr-sticky-section-no\" data-id=\"0214cfe\" data-element_type=\"section\">\n\t\t\t\t\t\t<div class=\"elementor-container elementor-column-gap-default\">\n\t\t\t\t\t<div class=\"elementor-column elementor-col-100 elementor-top-column elementor-element elementor-element-9beac5e\" data-id=\"9beac5e\" data-element_type=\"column\">\n\t\t\t<div class=\"elementor-widget-wrap elementor-element-populated\">\n\t\t\t\t\t\t<div class=\"elementor-element elementor-element-c171603 elementor-arrows-position-inside elementor-pagination-position-outside elementor-widget elementor-widget-image-carousel\" data-id=\"c171603\" data-element_type=\"widget\" data-settings=\"{&quot;slides_to_show&quot;:&quot;1&quot;,&quot;navigation&quot;:&quot;both&quot;,&quot;autoplay&quot;:&quot;yes&quot;,&quot;pause_on_hover&quot;:&quot;yes&quot;,&quot;pause_on_interaction&quot;:&quot;yes&quot;,&quot;autoplay_speed&quot;:5000,&quot;infinite&quot;:&quot;yes&quot;,&quot;effect&quot;:&quot;slide&quot;,&quot;speed&quot;:500}\" data-widget_type=\"image-carousel.default\">\n\t\t\t\t<div class=\"elementor-widget-container\">\n\t\t\t\t\t\t\t<div class=\"elementor-image-carousel-wrapper swiper\" role=\"region\" aria-roledescription=\"carousel\" aria-label=\"Carrousel d\u2019images\" dir=\"ltr\">\n\t\t\t<div class=\"elementor-image-carousel swiper-wrapper\" aria-live=\"off\">\n\t\t\t\t\t\t\t\t<div class=\"swiper-slide\" role=\"group\" aria-roledescription=\"slide\" aria-label=\"1 sur 9\"><figure class=\"swiper-slide-inner\"><img decoding=\"async\" class=\"swiper-slide-image\" src=\"https:\/\/i0.wp.com\/lasottevillaise.com\/wp-content\/uploads\/2024\/01\/1CZ6E4VG16Q31C657.png?fit=1920%2C1080&amp;ssl=1\" alt=\"1CZ6E4VG16Q31C657\" \/><\/figure><\/div><div class=\"swiper-slide\" role=\"group\" aria-roledescription=\"slide\" aria-label=\"2 sur 9\"><figure class=\"swiper-slide-inner\"><img decoding=\"async\" class=\"swiper-slide-image\" src=\"https:\/\/i0.wp.com\/lasottevillaise.com\/wp-content\/uploads\/2024\/01\/2g7re97cgqcz97vyc1.png?fit=1920%2C1080&amp;ssl=1\" alt=\"2g7re97cgqcz97vyc1(\" \/><\/figure><\/div><div class=\"swiper-slide\" role=\"group\" aria-roledescription=\"slide\" aria-label=\"3 sur 9\"><figure class=\"swiper-slide-inner\"><img decoding=\"async\" class=\"swiper-slide-image\" src=\"https:\/\/i0.wp.com\/lasottevillaise.com\/wp-content\/uploads\/2024\/01\/963852741.png?fit=1920%2C1080&amp;ssl=1\" alt=\"963852741\" \/><\/figure><\/div><div class=\"swiper-slide\" role=\"group\" aria-roledescription=\"slide\" aria-label=\"4 sur 9\"><figure class=\"swiper-slide-inner\"><img decoding=\"async\" class=\"swiper-slide-image\" src=\"https:\/\/i0.wp.com\/lasottevillaise.com\/wp-content\/uploads\/2024\/01\/d-a8t9729ze8-7y.png?fit=1920%2C1080&amp;ssl=1\" alt=\"d a8t9729ze8 7y\" \/><\/figure><\/div><div class=\"swiper-slide\" role=\"group\" aria-roledescription=\"slide\" aria-label=\"5 sur 9\"><figure class=\"swiper-slide-inner\"><img decoding=\"async\" class=\"swiper-slide-image\" src=\"https:\/\/i0.wp.com\/lasottevillaise.com\/wp-content\/uploads\/2024\/01\/fghjukvgbfdvgb.png?fit=1920%2C1080&amp;ssl=1\" alt=\"fghjukvgbfdvgb\" \/><\/figure><\/div><div class=\"swiper-slide\" role=\"group\" aria-roledescription=\"slide\" aria-label=\"6 sur 9\"><figure class=\"swiper-slide-inner\"><img decoding=\"async\" class=\"swiper-slide-image\" src=\"https:\/\/i0.wp.com\/lasottevillaise.com\/wp-content\/uploads\/2024\/01\/G7098E7rv17gc.png?fit=1920%2C1080&amp;ssl=1\" alt=\"G7098E7rv17gc\" \/><\/figure><\/div><div class=\"swiper-slide\" role=\"group\" aria-roledescription=\"slide\" aria-label=\"7 sur 9\"><figure class=\"swiper-slide-inner\"><img decoding=\"async\" class=\"swiper-slide-image\" src=\"https:\/\/i0.wp.com\/lasottevillaise.com\/wp-content\/uploads\/2024\/01\/rntui719lc92l.png?fit=1920%2C1080&amp;ssl=1\" alt=\"rntui719l;\u00e79,2l\" \/><\/figure><\/div><div class=\"swiper-slide\" role=\"group\" aria-roledescription=\"slide\" aria-label=\"8 sur 9\"><figure class=\"swiper-slide-inner\"><img decoding=\"async\" class=\"swiper-slide-image\" src=\"https:\/\/i0.wp.com\/lasottevillaise.com\/wp-content\/uploads\/2024\/01\/zcrvtbynuiytcr.png?fit=1920%2C1080&amp;ssl=1\" alt=\"zcrvtbynu,iytcr\" \/><\/figure><\/div><div class=\"swiper-slide\" role=\"group\" aria-roledescription=\"slide\" aria-label=\"9 sur 9\"><figure class=\"swiper-slide-inner\"><img decoding=\"async\" class=\"swiper-slide-image\" src=\"https:\/\/i0.wp.com\/lasottevillaise.com\/wp-content\/uploads\/2024\/01\/vv-VBBU6UB.png?fit=1920%2C1080&amp;ssl=1\" alt=\"vv VBBU6UB\" \/><\/figure><\/div>\t\t\t<\/div>\n\t\t\t\t\t\t\t\t\t\t\t\t<div class=\"elementor-swiper-button elementor-swiper-button-prev\" role=\"button\" tabindex=\"0\">\n\t\t\t\t\t\t<i aria-hidden=\"true\" class=\"eicon-chevron-left\"><\/i>\t\t\t\t\t<\/div>\n\t\t\t\t\t<div class=\"elementor-swiper-button elementor-swiper-button-next\" role=\"button\" tabindex=\"0\">\n\t\t\t\t\t\t<i aria-hidden=\"true\" class=\"eicon-chevron-right\"><\/i>\t\t\t\t\t<\/div>\n\t\t\t\t\n\t\t\t\t\t\t\t\t\t<div class=\"swiper-pagination\"><\/div>\n\t\t\t\t\t\t\t\t\t<\/div>\n\t\t\t\t\t\t<\/div>\n\t\t\t\t<\/div>\n\t\t\t\t\t<\/div>\n\t\t<\/div>\n\t\t\t\t\t<\/div>\n\t\t<\/section>\n\t\t\t\t<\/div>\n\t\t","protected":false},"excerpt":{"rendered":"<p>Profil Nationalit\u00e9 : fran\u00e7aise Date de naissance : 20 f\u00e9vrier 2003 Palmar\u00e8s 2022 3\u00e8me aux anneaux et 15\u00e8me en g\u00e9n\u00e9ral France Elite \u00e0 \u00c9lancourt 2021 M\u00e9daill\u00e9 de bronze au saut 5\u00e8me au championnat de France U18 \u00e0 Mouilleron le Captif 2018 M\u00e9daill\u00e9 d&#8217;or par \u00e9quipe U18 au match FRA\/GBR\/GER\/SUI 2017 8\u00e8me en espoir Biographie\u00a0N\u00e9 le 20 f\u00e9vrier 2003, Victor Bardou a commenc\u00e9 son parcours gymnique \u00e0 La Sottevillaise en 2008, avec l&#8217;entra\u00eeneur Romain Lecoq. Il progresse d&#8217;ann\u00e9e en ann\u00e9e et obtient de nombreuses m\u00e9dailles nationales en \u00e9quipe et en individuel avec La Sottevillaise. Victor excelle particuli\u00e8rement dans trois agr\u00e8s tels que le saut, les anneaux et le sol. Sa premi\u00e8re s\u00e9lection tricolore est en 2018 o\u00f9 il d\u00e9croche une m\u00e9daille d\u2019or avec l&#8217;\u00e9quipe de France U18 contre la Suisse, la Grande Bretagne et l&#8217;Allemagne. Pouss\u00e9 par Danny Rodrigues d\u00e8s 2019, il gagne 2 m\u00e9dailles en championnat de France Elite : Bronze aux anneaux en 2022 et au saut en 2021. Il a \u00e9t\u00e9 un \u00e9l\u00e9ment fort pour l&#8217;obtention du 1er titre en top 12 de la Sottevillaise en 2022. Victor est d\u00e9j\u00e0 qualifi\u00e9 pour le prochain France \u00c9lite qui se d\u00e9roulera \u00e0 Lyon du 7 au 9 juin 2024. Il a int\u00e9gr\u00e9 le p\u00f4le France de l\u2019INSEP en septembre 2021 o\u00f9 il est aujourd\u2019hui entra\u00een\u00e9 par Fr\u00e9d\u00e9ric Jay. Anim\u00e9 par la motivation d\u2019int\u00e9grer l\u2019effectif de l\u2019\u00e9quipe de France, il a l&#8217;objectif de participer aux JO de 2028 \u00e0 Los Angeles. Sa passion et son engagement font de lui un gymnaste prometteur. Insolite : Sous le pseudonyme artistique BRD Beats, Victor, passionn\u00e9 par la composition musicale, a con\u00e7u la bande son qui accompagnera la performance au sol aux Jeux Olympiques de Paris de la multiple championne olympique et du monde, l&#8217;am\u00e9ricaine Simone Biles.<\/p>\n","protected":false},"author":1,"featured_media":0,"parent":0,"menu_order":0,"comment_status":"closed","ping_status":"closed","template":"","meta":{"footnotes":""},"jetpack_sharing_enabled":true,"acf":[],"_links":{"self":[{"href":"https:\/\/lasottevillaise.com\/index.php\/wp-json\/wp\/v2\/pages\/3241"}],"collection":[{"href":"https:\/\/lasottevillaise.com\/index.php\/wp-json\/wp\/v2\/pages"}],"about":[{"href":"https:\/\/lasottevillaise.com\/index.php\/wp-json\/wp\/v2\/types\/page"}],"author":[{"embeddable":true,"href":"https:\/\/lasottevillaise.com\/index.php\/wp-json\/wp\/v2\/users\/1"}],"replies":[{"embeddable":true,"href":"https:\/\/lasottevillaise.com\/index.php\/wp-json\/wp\/v2\/comments?post=3241"}],"version-history":[{"count":19,"href":"https:\/\/lasottevillaise.com\/index.php\/wp-json\/wp\/v2\/pages\/3241\/revisions"}],"predecessor-version":[{"id":3922,"href":"https:\/\/lasottevillaise.com\/index.php\/wp-json\/wp\/v2\/pages\/3241\/revisions\/3922"}],"wp:attachment":[{"href":"https:\/\/lasottevillaise.com\/index.php\/wp-json\/wp\/v2\/media?parent=3241"}],"curies":[{"name":"wp","href":"https:\/\/api.w.org\/{rel}","templated":true}]}}