{"id":4242,"date":"2024-09-27T11:33:15","date_gmt":"2024-09-27T09:33:15","guid":{"rendered":"https:\/\/lasottevillaise.com\/?page_id=4242"},"modified":"2024-11-14T15:19:15","modified_gmt":"2024-11-14T14:19:15","slug":"halmet-manukyan","status":"publish","type":"page","link":"https:\/\/lasottevillaise.com\/index.php\/halmet-manukyan\/","title":{"rendered":"Halmet Manukyan"},"content":{"rendered":"\t\t<div data-elementor-type=\"wp-page\" data-elementor-id=\"4242\" class=\"elementor elementor-4242\">\n\t\t\t\t\t\t<section class=\"elementor-section elementor-top-section elementor-element elementor-element-433ae18 elementor-section-boxed elementor-section-height-default elementor-section-height-default wpr-particle-no wpr-jarallax-no wpr-parallax-no wpr-sticky-section-no\" data-id=\"433ae18\" data-element_type=\"section\">\n\t\t\t\t\t\t<div class=\"elementor-container elementor-column-gap-default\">\n\t\t\t\t\t<div class=\"elementor-column elementor-col-50 elementor-top-column elementor-element elementor-element-18fc57a\" data-id=\"18fc57a\" data-element_type=\"column\">\n\t\t\t<div class=\"elementor-widget-wrap elementor-element-populated\">\n\t\t\t\t\t\t<div class=\"elementor-element elementor-element-91645c1 elementor-widget elementor-widget-image\" data-id=\"91645c1\" data-element_type=\"widget\" data-widget_type=\"image.default\">\n\t\t\t\t<div class=\"elementor-widget-container\">\n\t\t\t\t\t\t\t\t\t\t\t\t\t\t\t<img fetchpriority=\"high\" decoding=\"async\" width=\"478\" height=\"438\" src=\"https:\/\/i0.wp.com\/lasottevillaise.com\/wp-content\/uploads\/2024\/10\/Capture.png?fit=478%2C438&amp;ssl=1\" class=\"attachment-large size-large wp-image-4301\" alt=\"\" srcset=\"https:\/\/i0.wp.com\/lasottevillaise.com\/wp-content\/uploads\/2024\/10\/Capture.png?w=478&amp;ssl=1 478w, https:\/\/i0.wp.com\/lasottevillaise.com\/wp-content\/uploads\/2024\/10\/Capture.png?resize=300%2C275&amp;ssl=1 300w\" sizes=\"(max-width: 478px) 100vw, 478px\" \/>\t\t\t\t\t\t\t\t\t\t\t\t\t\t\t<\/div>\n\t\t\t\t<\/div>\n\t\t\t\t\t<\/div>\n\t\t<\/div>\n\t\t\t\t<div class=\"elementor-column elementor-col-50 elementor-top-column elementor-element elementor-element-cd69254\" data-id=\"cd69254\" data-element_type=\"column\">\n\t\t\t<div class=\"elementor-widget-wrap elementor-element-populated\">\n\t\t\t\t\t\t<div class=\"elementor-element elementor-element-847983e elementor-widget__width-initial elementor-widget elementor-widget-heading\" data-id=\"847983e\" data-element_type=\"widget\" data-widget_type=\"heading.default\">\n\t\t\t\t<div class=\"elementor-widget-container\">\n\t\t\t\t\t<h2 class=\"elementor-heading-title elementor-size-default\"><p><b><span style=\"font-size:18.0pt;line-height:107%\">Palmar\u00e8s:<\/span><\/b><\/p><br><p><u><span style=\"font-size:18.0pt;line-height:107%\">2024<\/span><\/u><\/p>\n<p><u><span style=\"font-size:18.0pt;line-height:107%\">Championnat\nd\u2019Europe \u00e0 Rimini&nbsp;: <\/span><\/u><\/p><br><p><span style=\"font-size:18.0pt;line-height:107%\">M\u00e9daill\u00e9\nd\u2019or au cheval d\u2019ar\u00e7ons <\/span><\/p><p><br><\/p><p><u><span style=\"font-size:18.0pt;line-height:107%\">2023<\/span><\/u><\/p>\n<p><u><span style=\"font-size:18.0pt;line-height:107%\">Championnat\ndu monde&nbsp;:<\/span><\/u><\/p><br><p><span style=\"font-size:18.0pt;line-height:107%\">M\u00e9daill\u00e9\nd\u2019or au cheval d\u2019ar\u00e7ons <\/span><\/p><p style=\"margin-right:7.05pt\"><span style=\"font-size:18.0pt;line-height:107%\">M\u00e9daill\u00e9 d\u2019or aux anneaux <\/span><\/p><p><span style=\"font-size:18.0pt;line-height:107%\">6\u00e8me au\nconcours g\u00e9n\u00e9ral <\/span><\/p>\n<p><u><span style=\"font-size:18.0pt;line-height:107%\">Festival\nolympique de la jeunesse europ\u00e9enne&nbsp;: <\/span><\/u><\/p>\n<p><span style=\"font-size:18.0pt;line-height:107%\">M\u00e9daill\u00e9 de\nbronze par \u00e9quipe <\/span><\/p><p><span style=\"font-size:18.0pt;line-height:107%\">M\u00e9daill\u00e9\nd\u2019or aux anneaux <\/span><\/p><p><br><\/p><p><u><span style=\"font-size:18.0pt;line-height:107%\">2022 <\/span><\/u><\/p>\n<p><u><span style=\"font-size:18.0pt;line-height:107%\">Championnat\nd\u2019Europe juniors <\/span><\/u><\/p>\n<p><span style=\"font-size:18.0pt;line-height:107%\">M\u00e9daill\u00e9\nd\u2019argent au cheval d\u2019ar\u00e7ons <\/span><\/p><p><span style=\"font-size:18.0pt;line-height:107%\">M\u00e9daill\u00e9\nd\u2019argent aux anneaux <\/span><\/p>\n\n<\/h2>\t\t\t\t<\/div>\n\t\t\t\t<\/div>\n\t\t\t\t\t<\/div>\n\t\t<\/div>\n\t\t\t\t\t<\/div>\n\t\t<\/section>\n\t\t\t\t<\/div>\n\t\t","protected":false},"excerpt":{"rendered":"<p>Palmar\u00e8s: 2024 Championnat d\u2019Europe \u00e0 Rimini&nbsp;: M\u00e9daill\u00e9 d\u2019or au cheval d\u2019ar\u00e7ons 2023 Championnat du monde&nbsp;: M\u00e9daill\u00e9 d\u2019or au cheval d\u2019ar\u00e7ons M\u00e9daill\u00e9 d\u2019or aux anneaux 6\u00e8me au concours g\u00e9n\u00e9ral Festival olympique de la jeunesse europ\u00e9enne&nbsp;: M\u00e9daill\u00e9 de bronze par \u00e9quipe M\u00e9daill\u00e9 d\u2019or aux anneaux 2022 Championnat d\u2019Europe juniors M\u00e9daill\u00e9 d\u2019argent au cheval d\u2019ar\u00e7ons M\u00e9daill\u00e9 d\u2019argent aux anneaux<\/p>\n","protected":false},"author":1,"featured_media":0,"parent":0,"menu_order":0,"comment_status":"closed","ping_status":"closed","template":"","meta":{"footnotes":""},"jetpack_sharing_enabled":true,"acf":[],"_links":{"self":[{"href":"https:\/\/lasottevillaise.com\/index.php\/wp-json\/wp\/v2\/pages\/4242"}],"collection":[{"href":"https:\/\/lasottevillaise.com\/index.php\/wp-json\/wp\/v2\/pages"}],"about":[{"href":"https:\/\/lasottevillaise.com\/index.php\/wp-json\/wp\/v2\/types\/page"}],"author":[{"embeddable":true,"href":"https:\/\/lasottevillaise.com\/index.php\/wp-json\/wp\/v2\/users\/1"}],"replies":[{"embeddable":true,"href":"https:\/\/lasottevillaise.com\/index.php\/wp-json\/wp\/v2\/comments?post=4242"}],"version-history":[{"count":4,"href":"https:\/\/lasottevillaise.com\/index.php\/wp-json\/wp\/v2\/pages\/4242\/revisions"}],"predecessor-version":[{"id":4314,"href":"https:\/\/lasottevillaise.com\/index.php\/wp-json\/wp\/v2\/pages\/4242\/revisions\/4314"}],"wp:attachment":[{"href":"https:\/\/lasottevillaise.com\/index.php\/wp-json\/wp\/v2\/media?parent=4242"}],"curies":[{"name":"wp","href":"https:\/\/api.w.org\/{rel}","templated":true}]}}